{"id":64,"date":"2024-09-21T15:38:41","date_gmt":"2024-09-21T13:38:41","guid":{"rendered":"https:\/\/crecolo43.nature43.fr\/?page_id=64"},"modified":"2024-09-21T15:44:00","modified_gmt":"2024-09-21T13:44:00","slug":"les-molenes","status":"publish","type":"page","link":"https:\/\/crecolo43.nature43.fr\/index.php\/agir-dans-le-jardin\/preserver-la-biodiversite-dans-le-jardin\/les-molenes\/","title":{"rendered":"Les mol\u00e8nes"},"content":{"rendered":"\n<p>Avez-vous d\u00e9j\u00e0 regard\u00e9 de pr\u00e8s une fleur de Mol\u00e8ne ?<\/p>\n\n\n\n<p>Observez de pr\u00e8s les mol\u00e8nes. De loin elles ont la m\u00eame silhouette, plus ou moins grandes plantes au bel \u00e9pi de fleurs jaunes. Mais si vous regardez de pr\u00e8s les fleurs, vous pourrez d\u00e9couvrir des \u00e9tamines \u00e0 poils :<\/p>\n\n\n\n<ul class=\"wp-block-list\">\n<li>2 \u00e9tamines glabres et 3 avec des poils blancs, et une tige ronde ? c&#8217;est le bouillon blanc, <em>Verbascum album<\/em>.<\/li>\n\n\n\n<li>des \u00e9tamines pourpres, une tige rigide, creus\u00e9e de sillons ? c&#8217;est la mol\u00e8ne noire, <em>Verbascum nigrum<\/em>.<\/li>\n<\/ul>\n\n\n\n<figure class=\"wp-block-image aligncenter size-full\"><img decoding=\"async\" src=\"https:\/\/nature43.fr\/wp-content\/uploads\/2022\/10\/molene_noire.jpg\" alt=\"mol\u00e8ne noire\" class=\"wp-image-1099\"\/><figcaption class=\"wp-element-caption\">Hampe florale et d\u00e9tail des fleurs de la mol\u00e8ne noire<\/figcaption><\/figure>\n\n\n\n<h2 class=\"wp-block-heading\">Diversit\u00e9 du genre Verbascum<\/h2>\n\n\n\n<p>Au total, il existe <strong>une quinzaine d&#8217;esp\u00e8ces <\/strong>de mol\u00e8nes en France. 9 sont recens\u00e9es dans le <em>guide des fleurs sauvages<\/em> aux \u00e9ditions Delachaux et Niestl\u00e9 (1997). <\/p>\n\n\n\n<p>Le <a href=\"https:\/\/inpn.mnhn.fr\" target=\"_blank\" rel=\"noreferrer noopener\">site du Museum National d&#8217;Histoire Naturelle<\/a> fournit des indications sur 67 esp\u00e8ces du genre <em>Verbascum<\/em>.  <\/p>\n\n\n\n<p>L&#8217;esp\u00e8ce la plus connue est le bouillon blanc, <em><a href=\"https:\/\/inpn.mnhn.fr\/espece\/cd_nom\/128660\/tab\/fiche\" target=\"_blank\" rel=\"noreferrer noopener\">Verbascum thapsus<\/a><\/em> (pr\u00e9occupation mineure).<\/p>\n\n\n\n<p>Certaines esp\u00e8ces, comme la mol\u00e8ne de mai <em><a href=\"https:\/\/inpn.mnhn.fr\/espece\/cd_nom\/128546\/tab\/fiche\" target=\"_blank\" rel=\"noreferrer noopener\">Verbascum boerhavii<\/a><\/em>, sont class\u00e9es &#8220;pr\u00e9occupation mineure&#8221; pour la France mais &#8220;vuln\u00e9rables&#8221; en r\u00e9gion Auvergne. On classe aussi la mol\u00e8ne noire <em><a href=\"https:\/\/inpn.mnhn.fr\/espece\/cd_nom\/128615\" target=\"_blank\" rel=\"noreferrer noopener\">Verbascum nigrum<\/a><\/em> parmi les plantes en &#8220;pr\u00e9occupation mineure&#8221;, sauf en Ile-de-France o\u00f9 elle est quasi menac\u00e9e. <\/p>\n\n\n\n<p>Il existe aussi des esp\u00e8ces prot\u00e9g\u00e9es. C&#8217;est le cas, en Corse, de la mol\u00e8ne \u00e0 fruits coniques <em><a href=\"https:\/\/inpn.mnhn.fr\/espece\/cd_nom\/128558\/tab\/fiche\" target=\"_blank\" rel=\"noreferrer noopener\">Verbascum conocarpum<\/a><\/em>. <\/p>\n\n\n\n<h2 class=\"wp-block-heading\">Les mol\u00e8nes dans le jardin<\/h2>\n\n\n\n<p class=\"has-background-background-color has-background\">Les mol\u00e8nes font partie des plantes bisannuelles mises en valeur par le jardinier paysagiste <strong>Gilles Cl\u00e9ment<\/strong> dans ses <strong>jardins en mouvement<\/strong> (article : <a href=\"https:\/\/crecolo43.nature43.fr\/index.php\/agir-dans-le-jardin\/la-conception-dun-jardin\/\">La conception d\u2019un jardin<\/a>). Ces plantes s&#8217;installent dans les d\u00e9combres, les jach\u00e8res, les talus secs, entre deux roches. Gilles Cl\u00e9ment parlent volontiers de ces vagabondes d&#8217;autant plus belles que les graines auront germ\u00e9 sur des taupini\u00e8res.<\/p>\n\n\n\n<figure class=\"wp-block-image aligncenter size-full\"><img loading=\"lazy\" decoding=\"async\" width=\"420\" height=\"517\" src=\"https:\/\/crecolo43.nature43.fr\/wp-content\/uploads\/2024\/09\/molenes.jpg\" alt=\"mol\u00e8nes\" class=\"wp-image-68\" srcset=\"https:\/\/crecolo43.nature43.fr\/wp-content\/uploads\/2024\/09\/molenes.jpg 420w, https:\/\/crecolo43.nature43.fr\/wp-content\/uploads\/2024\/09\/molenes-244x300.jpg 244w\" sizes=\"auto, (max-width: 420px) 100vw, 420px\" \/><\/figure>\n\n\n\n<h2 class=\"wp-block-heading has-background-background-color has-background\">Les mol\u00e8nes, des plantes m\u00e9dicinales<\/h2>\n\n\n\n<p>Dans son<em> livre des bonnes herbes<\/em> (\u00e9d. Actes Sud, 1996), Pierre Lieutaghi pr\u00e9cise qu&#8217;elles ont \u00e0 peu pr\u00e8s toutes les m\u00eames <strong>propri\u00e9t\u00e9s m\u00e9dicinales<\/strong>, il s&#8217;agit d&#8217;une plante \u00e9molliente, s\u00e9dative et pectorale, traditionnellement employ\u00e9e dans les irritations du tube digestif et des voies respiratoires, on pourra ainsi tester son infusion, en association avec d&#8217;autres plantes, pour calmer la toux ou des douleurs digestives. Il est conseill\u00e9 de soigneusement filtrer l&#8217;infusion car les petits poils que vous pouvez observer sur les \u00e9tamines peuvent irriter la gorge en passant&#8230;<\/p>\n\n\n\n<p>Pierre Lieutaghi propose une autre recette : vous pouvez faire cuire les feuilles dans du lait pour apaiser la peau, soit en appliquant les feuilles cuites en cataplasme, soit en trempant les mains dans le liquide ti\u00e8de, par exemple en cas d&#8217;engelures et ger\u00e7ures des mains.<\/p>\n","protected":false},"excerpt":{"rendered":"<p>Avez-vous d\u00e9j\u00e0 regard\u00e9 de pr\u00e8s une fleur de Mol\u00e8ne ? Observez de pr\u00e8s les mol\u00e8nes. De loin elles ont la m\u00eame silhouette, plus ou moins grandes plantes au bel \u00e9pi de fleurs jaunes. Mais si vous regardez de pr\u00e8s les fleurs, vous pourrez d\u00e9couvrir des \u00e9tamines \u00e0 poils : Diversit\u00e9 du genre Verbascum Au total, [&hellip;]<\/p>\n","protected":false},"author":1,"featured_media":0,"parent":66,"menu_order":2,"comment_status":"closed","ping_status":"closed","template":"","meta":{"footnotes":""},"class_list":["post-64","page","type-page","status-publish","hentry"],"yoast_head":"<!-- This site is optimized with the Yoast SEO plugin v23.4 - https:\/\/yoast.com\/wordpress\/plugins\/seo\/ -->\n<title>Les mol\u00e8nes - Crecolo 43<\/title>\n<meta name=\"description\" content=\"Les mol\u00e8nes, plantes de la famille du bouillon-blanc, font partie des bisannuelles embl\u00e9matiques des jardins en mouvement de Gilles Cl\u00e9ment.\" \/>\n<meta name=\"robots\" content=\"index, follow, max-snippet:-1, max-image-preview:large, max-video-preview:-1\" \/>\n<link rel=\"canonical\" href=\"https:\/\/crecolo43.nature43.fr\/index.php\/agir-dans-le-jardin\/preserver-la-biodiversite-dans-le-jardin\/les-molenes\/\" \/>\n<meta property=\"og:locale\" content=\"en_US\" \/>\n<meta property=\"og:type\" content=\"article\" \/>\n<meta property=\"og:title\" content=\"Les mol\u00e8nes - Crecolo 43\" \/>\n<meta property=\"og:description\" content=\"Les mol\u00e8nes, plantes de la famille du bouillon-blanc, font partie des bisannuelles embl\u00e9matiques des jardins en mouvement de Gilles Cl\u00e9ment.\" \/>\n<meta property=\"og:url\" content=\"https:\/\/crecolo43.nature43.fr\/index.php\/agir-dans-le-jardin\/preserver-la-biodiversite-dans-le-jardin\/les-molenes\/\" \/>\n<meta property=\"og:site_name\" content=\"Crecolo 43\" \/>\n<meta property=\"article:modified_time\" content=\"2024-09-21T13:44:00+00:00\" \/>\n<meta property=\"og:image\" content=\"https:\/\/nature43.fr\/wp-content\/uploads\/2022\/10\/molene_noire.jpg\" \/>\n<meta name=\"twitter:card\" content=\"summary_large_image\" \/>\n<meta name=\"twitter:label1\" content=\"Est. reading time\" \/>\n\t<meta name=\"twitter:data1\" content=\"3 minutes\" \/>\n<script type=\"application\/ld+json\" class=\"yoast-schema-graph\">{\"@context\":\"https:\/\/schema.org\",\"@graph\":[{\"@type\":\"WebPage\",\"@id\":\"https:\/\/crecolo43.nature43.fr\/index.php\/agir-dans-le-jardin\/preserver-la-biodiversite-dans-le-jardin\/les-molenes\/\",\"url\":\"https:\/\/crecolo43.nature43.fr\/index.php\/agir-dans-le-jardin\/preserver-la-biodiversite-dans-le-jardin\/les-molenes\/\",\"name\":\"Les mol\u00e8nes - Crecolo 43\",\"isPartOf\":{\"@id\":\"https:\/\/crecolo43.nature43.fr\/#website\"},\"primaryImageOfPage\":{\"@id\":\"https:\/\/crecolo43.nature43.fr\/index.php\/agir-dans-le-jardin\/preserver-la-biodiversite-dans-le-jardin\/les-molenes\/#primaryimage\"},\"image\":{\"@id\":\"https:\/\/crecolo43.nature43.fr\/index.php\/agir-dans-le-jardin\/preserver-la-biodiversite-dans-le-jardin\/les-molenes\/#primaryimage\"},\"thumbnailUrl\":\"https:\/\/nature43.fr\/wp-content\/uploads\/2022\/10\/molene_noire.jpg\",\"datePublished\":\"2024-09-21T13:38:41+00:00\",\"dateModified\":\"2024-09-21T13:44:00+00:00\",\"description\":\"Les mol\u00e8nes, plantes de la famille du bouillon-blanc, font partie des bisannuelles embl\u00e9matiques des jardins en mouvement de Gilles Cl\u00e9ment.\",\"breadcrumb\":{\"@id\":\"https:\/\/crecolo43.nature43.fr\/index.php\/agir-dans-le-jardin\/preserver-la-biodiversite-dans-le-jardin\/les-molenes\/#breadcrumb\"},\"inLanguage\":\"en-US\",\"potentialAction\":[{\"@type\":\"ReadAction\",\"target\":[\"https:\/\/crecolo43.nature43.fr\/index.php\/agir-dans-le-jardin\/preserver-la-biodiversite-dans-le-jardin\/les-molenes\/\"]}]},{\"@type\":\"ImageObject\",\"inLanguage\":\"en-US\",\"@id\":\"https:\/\/crecolo43.nature43.fr\/index.php\/agir-dans-le-jardin\/preserver-la-biodiversite-dans-le-jardin\/les-molenes\/#primaryimage\",\"url\":\"https:\/\/nature43.fr\/wp-content\/uploads\/2022\/10\/molene_noire.jpg\",\"contentUrl\":\"https:\/\/nature43.fr\/wp-content\/uploads\/2022\/10\/molene_noire.jpg\"},{\"@type\":\"BreadcrumbList\",\"@id\":\"https:\/\/crecolo43.nature43.fr\/index.php\/agir-dans-le-jardin\/preserver-la-biodiversite-dans-le-jardin\/les-molenes\/#breadcrumb\",\"itemListElement\":[{\"@type\":\"ListItem\",\"position\":1,\"name\":\"Home\",\"item\":\"https:\/\/crecolo43.nature43.fr\/\"},{\"@type\":\"ListItem\",\"position\":2,\"name\":\"Agir dans le jardin\",\"item\":\"https:\/\/crecolo43.nature43.fr\/index.php\/agir-dans-le-jardin\/\"},{\"@type\":\"ListItem\",\"position\":3,\"name\":\"Pr\u00e9server la biodiversit\u00e9 dans le jardin\",\"item\":\"https:\/\/crecolo43.nature43.fr\/index.php\/agir-dans-le-jardin\/preserver-la-biodiversite-dans-le-jardin\/\"},{\"@type\":\"ListItem\",\"position\":4,\"name\":\"Les mol\u00e8nes\"}]},{\"@type\":\"WebSite\",\"@id\":\"https:\/\/crecolo43.nature43.fr\/#website\",\"url\":\"https:\/\/crecolo43.nature43.fr\/\",\"name\":\"Crecolo 43\",\"description\":\"\",\"publisher\":{\"@id\":\"https:\/\/crecolo43.nature43.fr\/#organization\"},\"potentialAction\":[{\"@type\":\"SearchAction\",\"target\":{\"@type\":\"EntryPoint\",\"urlTemplate\":\"https:\/\/crecolo43.nature43.fr\/?s={search_term_string}\"},\"query-input\":{\"@type\":\"PropertyValueSpecification\",\"valueRequired\":true,\"valueName\":\"search_term_string\"}}],\"inLanguage\":\"en-US\"},{\"@type\":\"Organization\",\"@id\":\"https:\/\/crecolo43.nature43.fr\/#organization\",\"name\":\"Crecolo 43\",\"url\":\"https:\/\/crecolo43.nature43.fr\/\",\"logo\":{\"@type\":\"ImageObject\",\"inLanguage\":\"en-US\",\"@id\":\"https:\/\/crecolo43.nature43.fr\/#\/schema\/logo\/image\/\",\"url\":\"https:\/\/crecolo43.nature43.fr\/wp-content\/uploads\/2024\/09\/image.png\",\"contentUrl\":\"https:\/\/crecolo43.nature43.fr\/wp-content\/uploads\/2024\/09\/image.png\",\"width\":511,\"height\":383,\"caption\":\"Crecolo 43\"},\"image\":{\"@id\":\"https:\/\/crecolo43.nature43.fr\/#\/schema\/logo\/image\/\"}}]}<\/script>\n<!-- \/ Yoast SEO plugin. -->","yoast_head_json":{"title":"Les mol\u00e8nes - Crecolo 43","description":"Les mol\u00e8nes, plantes de la famille du bouillon-blanc, font partie des bisannuelles embl\u00e9matiques des jardins en mouvement de Gilles Cl\u00e9ment.","robots":{"index":"index","follow":"follow","max-snippet":"max-snippet:-1","max-image-preview":"max-image-preview:large","max-video-preview":"max-video-preview:-1"},"canonical":"https:\/\/crecolo43.nature43.fr\/index.php\/agir-dans-le-jardin\/preserver-la-biodiversite-dans-le-jardin\/les-molenes\/","og_locale":"en_US","og_type":"article","og_title":"Les mol\u00e8nes - Crecolo 43","og_description":"Les mol\u00e8nes, plantes de la famille du bouillon-blanc, font partie des bisannuelles embl\u00e9matiques des jardins en mouvement de Gilles Cl\u00e9ment.","og_url":"https:\/\/crecolo43.nature43.fr\/index.php\/agir-dans-le-jardin\/preserver-la-biodiversite-dans-le-jardin\/les-molenes\/","og_site_name":"Crecolo 43","article_modified_time":"2024-09-21T13:44:00+00:00","og_image":[{"url":"https:\/\/nature43.fr\/wp-content\/uploads\/2022\/10\/molene_noire.jpg"}],"twitter_card":"summary_large_image","twitter_misc":{"Est. reading time":"3 minutes"},"schema":{"@context":"https:\/\/schema.org","@graph":[{"@type":"WebPage","@id":"https:\/\/crecolo43.nature43.fr\/index.php\/agir-dans-le-jardin\/preserver-la-biodiversite-dans-le-jardin\/les-molenes\/","url":"https:\/\/crecolo43.nature43.fr\/index.php\/agir-dans-le-jardin\/preserver-la-biodiversite-dans-le-jardin\/les-molenes\/","name":"Les mol\u00e8nes - Crecolo 43","isPartOf":{"@id":"https:\/\/crecolo43.nature43.fr\/#website"},"primaryImageOfPage":{"@id":"https:\/\/crecolo43.nature43.fr\/index.php\/agir-dans-le-jardin\/preserver-la-biodiversite-dans-le-jardin\/les-molenes\/#primaryimage"},"image":{"@id":"https:\/\/crecolo43.nature43.fr\/index.php\/agir-dans-le-jardin\/preserver-la-biodiversite-dans-le-jardin\/les-molenes\/#primaryimage"},"thumbnailUrl":"https:\/\/nature43.fr\/wp-content\/uploads\/2022\/10\/molene_noire.jpg","datePublished":"2024-09-21T13:38:41+00:00","dateModified":"2024-09-21T13:44:00+00:00","description":"Les mol\u00e8nes, plantes de la famille du bouillon-blanc, font partie des bisannuelles embl\u00e9matiques des jardins en mouvement de Gilles Cl\u00e9ment.","breadcrumb":{"@id":"https:\/\/crecolo43.nature43.fr\/index.php\/agir-dans-le-jardin\/preserver-la-biodiversite-dans-le-jardin\/les-molenes\/#breadcrumb"},"inLanguage":"en-US","potentialAction":[{"@type":"ReadAction","target":["https:\/\/crecolo43.nature43.fr\/index.php\/agir-dans-le-jardin\/preserver-la-biodiversite-dans-le-jardin\/les-molenes\/"]}]},{"@type":"ImageObject","inLanguage":"en-US","@id":"https:\/\/crecolo43.nature43.fr\/index.php\/agir-dans-le-jardin\/preserver-la-biodiversite-dans-le-jardin\/les-molenes\/#primaryimage","url":"https:\/\/nature43.fr\/wp-content\/uploads\/2022\/10\/molene_noire.jpg","contentUrl":"https:\/\/nature43.fr\/wp-content\/uploads\/2022\/10\/molene_noire.jpg"},{"@type":"BreadcrumbList","@id":"https:\/\/crecolo43.nature43.fr\/index.php\/agir-dans-le-jardin\/preserver-la-biodiversite-dans-le-jardin\/les-molenes\/#breadcrumb","itemListElement":[{"@type":"ListItem","position":1,"name":"Home","item":"https:\/\/crecolo43.nature43.fr\/"},{"@type":"ListItem","position":2,"name":"Agir dans le jardin","item":"https:\/\/crecolo43.nature43.fr\/index.php\/agir-dans-le-jardin\/"},{"@type":"ListItem","position":3,"name":"Pr\u00e9server la biodiversit\u00e9 dans le jardin","item":"https:\/\/crecolo43.nature43.fr\/index.php\/agir-dans-le-jardin\/preserver-la-biodiversite-dans-le-jardin\/"},{"@type":"ListItem","position":4,"name":"Les mol\u00e8nes"}]},{"@type":"WebSite","@id":"https:\/\/crecolo43.nature43.fr\/#website","url":"https:\/\/crecolo43.nature43.fr\/","name":"Crecolo 43","description":"","publisher":{"@id":"https:\/\/crecolo43.nature43.fr\/#organization"},"potentialAction":[{"@type":"SearchAction","target":{"@type":"EntryPoint","urlTemplate":"https:\/\/crecolo43.nature43.fr\/?s={search_term_string}"},"query-input":{"@type":"PropertyValueSpecification","valueRequired":true,"valueName":"search_term_string"}}],"inLanguage":"en-US"},{"@type":"Organization","@id":"https:\/\/crecolo43.nature43.fr\/#organization","name":"Crecolo 43","url":"https:\/\/crecolo43.nature43.fr\/","logo":{"@type":"ImageObject","inLanguage":"en-US","@id":"https:\/\/crecolo43.nature43.fr\/#\/schema\/logo\/image\/","url":"https:\/\/crecolo43.nature43.fr\/wp-content\/uploads\/2024\/09\/image.png","contentUrl":"https:\/\/crecolo43.nature43.fr\/wp-content\/uploads\/2024\/09\/image.png","width":511,"height":383,"caption":"Crecolo 43"},"image":{"@id":"https:\/\/crecolo43.nature43.fr\/#\/schema\/logo\/image\/"}}]}},"_links":{"self":[{"href":"https:\/\/crecolo43.nature43.fr\/index.php\/wp-json\/wp\/v2\/pages\/64","targetHints":{"allow":["GET"]}}],"collection":[{"href":"https:\/\/crecolo43.nature43.fr\/index.php\/wp-json\/wp\/v2\/pages"}],"about":[{"href":"https:\/\/crecolo43.nature43.fr\/index.php\/wp-json\/wp\/v2\/types\/page"}],"author":[{"embeddable":true,"href":"https:\/\/crecolo43.nature43.fr\/index.php\/wp-json\/wp\/v2\/users\/1"}],"replies":[{"embeddable":true,"href":"https:\/\/crecolo43.nature43.fr\/index.php\/wp-json\/wp\/v2\/comments?post=64"}],"version-history":[{"count":2,"href":"https:\/\/crecolo43.nature43.fr\/index.php\/wp-json\/wp\/v2\/pages\/64\/revisions"}],"predecessor-version":[{"id":73,"href":"https:\/\/crecolo43.nature43.fr\/index.php\/wp-json\/wp\/v2\/pages\/64\/revisions\/73"}],"up":[{"embeddable":true,"href":"https:\/\/crecolo43.nature43.fr\/index.php\/wp-json\/wp\/v2\/pages\/66"}],"wp:attachment":[{"href":"https:\/\/crecolo43.nature43.fr\/index.php\/wp-json\/wp\/v2\/media?parent=64"}],"curies":[{"name":"wp","href":"https:\/\/api.w.org\/{rel}","templated":true}]}}