{"id":27,"date":"2024-09-20T14:00:53","date_gmt":"2024-09-20T12:00:53","guid":{"rendered":"https:\/\/crecolo43.nature43.fr\/?page_id=27"},"modified":"2024-09-20T14:13:55","modified_gmt":"2024-09-20T12:13:55","slug":"inclusion-ou-integration","status":"publish","type":"page","link":"https:\/\/crecolo43.nature43.fr\/index.php\/inclusion-ou-integration\/","title":{"rendered":"Inclusion ou int\u00e9gration ?"},"content":{"rendered":"\n<p>Mon exp\u00e9rience, tant professionnelle que personnelle, m&#8217;ont amen\u00e9 \u00e0 d\u00e9velopper r\u00e9flexion et comp\u00e9tences au sujet de l&#8217;inclusion des personnes en situation de handicap.<\/p>\n\n\n\n<h2 class=\"wp-block-heading\">Des personnes avant tout !<\/h2>\n\n\n\n<p>Je trouve tr\u00e8s int\u00e9ressantes les subtilit\u00e9s de la langue fran\u00e7aise. L&#8217;\u00e9volution du choix des termes qui va bien au-del\u00e0 d&#8217;un simple jeu de mots. On peut y voir l&#8217;\u00e9volution de la mani\u00e8re de &#8220;penser l&#8217;autre&#8221;. Ainsi, on ne parle plus d&#8217;handicap\u00e9&#8230; Le pauvre, il n&#8217;y peut rien ! il est handicap\u00e9 c&#8217;est comme \u00e7a ! On parle d\u00e9sormais de personne en situation de handicap. Et en milieu scolaire, on parle d&#8217;\u00e9l\u00e8ve \u00e0 besoin \u00e9ducatif particulier. On entend en premier qu&#8217;il est question d&#8217;un \u00e9l\u00e8ve. Qui a un besoin qui lui est propre. Certes, il s&#8217;agit de besoins plus subtils que celui de se nourrir ou de respirer mais, comme pour tout besoin, il est indispensable de trouver le moyen d&#8217;y r\u00e9pondre.<\/p>\n\n\n\n<p>Exemple, une personne paralys\u00e9e des jambes sera bien handicap\u00e9e si on lui demande de gravir un escalier pour monter \u00e0 l&#8217;\u00e9tage ! Mais si cette personne est dans un fauteuil roulant et peut prendre un ascenseur, elle pourra ais\u00e9ment se rendre \u00e0 l&#8217;\u00e9tage. Ainsi, la personne cesse d&#8217;\u00eatre d\u00e9finie par son handicap : elle est avant tout une personne.<\/p>\n\n\n\n<h2 class=\"wp-block-heading\">Inclusion ou int\u00e9gration ?<\/h2>\n\n\n\n<p>Connaissez-vous la diff\u00e9rence qui se cache derri\u00e8re les mots &#8220;inclusion&#8221; et &#8220;int\u00e9gration&#8221; ? On demande aux personnes venues de l&#8217;\u00e9tranger de <strong>s&#8217;int\u00e9grer<\/strong> en apprenant notre langue, nos coutumes, nos habitudes. Mais pour les fran\u00e7ais en situation de handicap, c&#8217;est \u00e0 la soci\u00e9t\u00e9 de s&#8217;adapter pour permettre au mieux leur <strong>inclusion<\/strong>. Et comme rien ne vaut une image&#8230; <\/p>\n\n\n\n<div class=\"wp-block-media-text is-stacked-on-mobile\"><figure class=\"wp-block-media-text__media\"><img loading=\"lazy\" decoding=\"async\" width=\"672\" height=\"468\" src=\"https:\/\/crecolo43.nature43.fr\/wp-content\/uploads\/2024\/09\/egalite.jpg\" alt=\"\u00e9galit\u00e9\" class=\"wp-image-28 size-full\" srcset=\"https:\/\/crecolo43.nature43.fr\/wp-content\/uploads\/2024\/09\/egalite.jpg 672w, https:\/\/crecolo43.nature43.fr\/wp-content\/uploads\/2024\/09\/egalite-300x209.jpg 300w\" sizes=\"auto, (max-width: 672px) 100vw, 672px\" \/><\/figure><div class=\"wp-block-media-text__content\">\n<p>L&#8217;<strong>\u00e9galit\u00e9<\/strong> est assur\u00e9ment une belle valeur&#8230; Mais est-ce bien adapt\u00e9 de toujours proposer la m\u00eame chose \u00e0 tous ?<\/p>\n<\/div><\/div>\n\n\n\n<div class=\"wp-block-media-text is-stacked-on-mobile\"><figure class=\"wp-block-media-text__media\"><img loading=\"lazy\" decoding=\"async\" width=\"632\" height=\"454\" src=\"https:\/\/crecolo43.nature43.fr\/wp-content\/uploads\/2024\/09\/equite.jpg\" alt=\"\u00e9quit\u00e9\" class=\"wp-image-29 size-full\" srcset=\"https:\/\/crecolo43.nature43.fr\/wp-content\/uploads\/2024\/09\/equite.jpg 632w, https:\/\/crecolo43.nature43.fr\/wp-content\/uploads\/2024\/09\/equite-300x216.jpg 300w\" sizes=\"auto, (max-width: 632px) 100vw, 632px\" \/><\/figure><div class=\"wp-block-media-text__content\">\n<p>L&#8217;<strong>\u00e9quit\u00e9<\/strong> semble d\u00e9j\u00e0 plus juste mais&#8230;<\/p>\n<\/div><\/div>\n\n\n\n<div class=\"wp-block-media-text is-stacked-on-mobile\"><figure class=\"wp-block-media-text__media\"><img loading=\"lazy\" decoding=\"async\" width=\"719\" height=\"451\" src=\"https:\/\/crecolo43.nature43.fr\/wp-content\/uploads\/2024\/09\/accessibilite_universelle.jpg\" alt=\"accessibilit\u00e9 universelle, cl\u00e9 de l'inclusion.\" class=\"wp-image-30 size-full\" srcset=\"https:\/\/crecolo43.nature43.fr\/wp-content\/uploads\/2024\/09\/accessibilite_universelle.jpg 719w, https:\/\/crecolo43.nature43.fr\/wp-content\/uploads\/2024\/09\/accessibilite_universelle-300x188.jpg 300w\" sizes=\"auto, (max-width: 719px) 100vw, 719px\" \/><\/figure><div class=\"wp-block-media-text__content\">\n<p>Enfin l&#8217;<strong>accessibilit\u00e9 universelle<\/strong> est la cl\u00e9 qui permet l&#8217;inclusion de tous.<\/p>\n<\/div><\/div>\n","protected":false},"excerpt":{"rendered":"<p>Mon exp\u00e9rience, tant professionnelle que personnelle, m&#8217;ont amen\u00e9 \u00e0 d\u00e9velopper r\u00e9flexion et comp\u00e9tences au sujet de l&#8217;inclusion des personnes en situation de handicap. Des personnes avant tout ! Je trouve tr\u00e8s int\u00e9ressantes les subtilit\u00e9s de la langue fran\u00e7aise. L&#8217;\u00e9volution du choix des termes qui va bien au-del\u00e0 d&#8217;un simple jeu de mots. On peut y [&hellip;]<\/p>\n","protected":false},"author":1,"featured_media":0,"parent":0,"menu_order":0,"comment_status":"closed","ping_status":"closed","template":"","meta":{"footnotes":""},"class_list":["post-27","page","type-page","status-publish","hentry"],"yoast_head":"<!-- This site is optimized with the Yoast SEO plugin v23.4 - https:\/\/yoast.com\/wordpress\/plugins\/seo\/ -->\n<title>Inclusion ou int\u00e9gration ? - Crecolo 43<\/title>\n<meta name=\"description\" content=\"Page de r\u00e9flexion au sujet de l&#039;inclusion et de l&#039;int\u00e9gration. L&#039;accessibilit\u00e9 universelle permet l&#039;inclusion de tous.\" \/>\n<meta name=\"robots\" content=\"index, follow, max-snippet:-1, max-image-preview:large, max-video-preview:-1\" \/>\n<link rel=\"canonical\" href=\"https:\/\/crecolo43.nature43.fr\/index.php\/inclusion-ou-integration\/\" \/>\n<meta property=\"og:locale\" content=\"en_US\" \/>\n<meta property=\"og:type\" content=\"article\" \/>\n<meta property=\"og:title\" content=\"Inclusion ou int\u00e9gration ? - Crecolo 43\" \/>\n<meta property=\"og:description\" content=\"Page de r\u00e9flexion au sujet de l&#039;inclusion et de l&#039;int\u00e9gration. L&#039;accessibilit\u00e9 universelle permet l&#039;inclusion de tous.\" \/>\n<meta property=\"og:url\" content=\"https:\/\/crecolo43.nature43.fr\/index.php\/inclusion-ou-integration\/\" \/>\n<meta property=\"og:site_name\" content=\"Crecolo 43\" \/>\n<meta property=\"article:modified_time\" content=\"2024-09-20T12:13:55+00:00\" \/>\n<meta property=\"og:image\" content=\"https:\/\/crecolo43.nature43.fr\/wp-content\/uploads\/2024\/09\/egalite.jpg\" \/>\n<meta name=\"twitter:card\" content=\"summary_large_image\" \/>\n<meta name=\"twitter:label1\" content=\"Est. reading time\" \/>\n\t<meta name=\"twitter:data1\" content=\"3 minutes\" \/>\n<script type=\"application\/ld+json\" class=\"yoast-schema-graph\">{\"@context\":\"https:\/\/schema.org\",\"@graph\":[{\"@type\":\"WebPage\",\"@id\":\"https:\/\/crecolo43.nature43.fr\/index.php\/inclusion-ou-integration\/\",\"url\":\"https:\/\/crecolo43.nature43.fr\/index.php\/inclusion-ou-integration\/\",\"name\":\"Inclusion ou int\u00e9gration ? - Crecolo 43\",\"isPartOf\":{\"@id\":\"https:\/\/crecolo43.nature43.fr\/#website\"},\"primaryImageOfPage\":{\"@id\":\"https:\/\/crecolo43.nature43.fr\/index.php\/inclusion-ou-integration\/#primaryimage\"},\"image\":{\"@id\":\"https:\/\/crecolo43.nature43.fr\/index.php\/inclusion-ou-integration\/#primaryimage\"},\"thumbnailUrl\":\"https:\/\/crecolo43.nature43.fr\/wp-content\/uploads\/2024\/09\/egalite.jpg\",\"datePublished\":\"2024-09-20T12:00:53+00:00\",\"dateModified\":\"2024-09-20T12:13:55+00:00\",\"description\":\"Page de r\u00e9flexion au sujet de l'inclusion et de l'int\u00e9gration. L'accessibilit\u00e9 universelle permet l'inclusion de tous.\",\"breadcrumb\":{\"@id\":\"https:\/\/crecolo43.nature43.fr\/index.php\/inclusion-ou-integration\/#breadcrumb\"},\"inLanguage\":\"en-US\",\"potentialAction\":[{\"@type\":\"ReadAction\",\"target\":[\"https:\/\/crecolo43.nature43.fr\/index.php\/inclusion-ou-integration\/\"]}]},{\"@type\":\"ImageObject\",\"inLanguage\":\"en-US\",\"@id\":\"https:\/\/crecolo43.nature43.fr\/index.php\/inclusion-ou-integration\/#primaryimage\",\"url\":\"https:\/\/crecolo43.nature43.fr\/wp-content\/uploads\/2024\/09\/egalite.jpg\",\"contentUrl\":\"https:\/\/crecolo43.nature43.fr\/wp-content\/uploads\/2024\/09\/egalite.jpg\",\"width\":672,\"height\":468},{\"@type\":\"BreadcrumbList\",\"@id\":\"https:\/\/crecolo43.nature43.fr\/index.php\/inclusion-ou-integration\/#breadcrumb\",\"itemListElement\":[{\"@type\":\"ListItem\",\"position\":1,\"name\":\"Home\",\"item\":\"https:\/\/crecolo43.nature43.fr\/\"},{\"@type\":\"ListItem\",\"position\":2,\"name\":\"Inclusion ou int\u00e9gration ?\"}]},{\"@type\":\"WebSite\",\"@id\":\"https:\/\/crecolo43.nature43.fr\/#website\",\"url\":\"https:\/\/crecolo43.nature43.fr\/\",\"name\":\"Crecolo 43\",\"description\":\"\",\"publisher\":{\"@id\":\"https:\/\/crecolo43.nature43.fr\/#organization\"},\"potentialAction\":[{\"@type\":\"SearchAction\",\"target\":{\"@type\":\"EntryPoint\",\"urlTemplate\":\"https:\/\/crecolo43.nature43.fr\/?s={search_term_string}\"},\"query-input\":{\"@type\":\"PropertyValueSpecification\",\"valueRequired\":true,\"valueName\":\"search_term_string\"}}],\"inLanguage\":\"en-US\"},{\"@type\":\"Organization\",\"@id\":\"https:\/\/crecolo43.nature43.fr\/#organization\",\"name\":\"Crecolo 43\",\"url\":\"https:\/\/crecolo43.nature43.fr\/\",\"logo\":{\"@type\":\"ImageObject\",\"inLanguage\":\"en-US\",\"@id\":\"https:\/\/crecolo43.nature43.fr\/#\/schema\/logo\/image\/\",\"url\":\"https:\/\/crecolo43.nature43.fr\/wp-content\/uploads\/2024\/09\/image.png\",\"contentUrl\":\"https:\/\/crecolo43.nature43.fr\/wp-content\/uploads\/2024\/09\/image.png\",\"width\":511,\"height\":383,\"caption\":\"Crecolo 43\"},\"image\":{\"@id\":\"https:\/\/crecolo43.nature43.fr\/#\/schema\/logo\/image\/\"}}]}<\/script>\n<!-- \/ Yoast SEO plugin. -->","yoast_head_json":{"title":"Inclusion ou int\u00e9gration ? - Crecolo 43","description":"Page de r\u00e9flexion au sujet de l'inclusion et de l'int\u00e9gration. L'accessibilit\u00e9 universelle permet l'inclusion de tous.","robots":{"index":"index","follow":"follow","max-snippet":"max-snippet:-1","max-image-preview":"max-image-preview:large","max-video-preview":"max-video-preview:-1"},"canonical":"https:\/\/crecolo43.nature43.fr\/index.php\/inclusion-ou-integration\/","og_locale":"en_US","og_type":"article","og_title":"Inclusion ou int\u00e9gration ? - Crecolo 43","og_description":"Page de r\u00e9flexion au sujet de l'inclusion et de l'int\u00e9gration. L'accessibilit\u00e9 universelle permet l'inclusion de tous.","og_url":"https:\/\/crecolo43.nature43.fr\/index.php\/inclusion-ou-integration\/","og_site_name":"Crecolo 43","article_modified_time":"2024-09-20T12:13:55+00:00","og_image":[{"url":"https:\/\/crecolo43.nature43.fr\/wp-content\/uploads\/2024\/09\/egalite.jpg"}],"twitter_card":"summary_large_image","twitter_misc":{"Est. reading time":"3 minutes"},"schema":{"@context":"https:\/\/schema.org","@graph":[{"@type":"WebPage","@id":"https:\/\/crecolo43.nature43.fr\/index.php\/inclusion-ou-integration\/","url":"https:\/\/crecolo43.nature43.fr\/index.php\/inclusion-ou-integration\/","name":"Inclusion ou int\u00e9gration ? - Crecolo 43","isPartOf":{"@id":"https:\/\/crecolo43.nature43.fr\/#website"},"primaryImageOfPage":{"@id":"https:\/\/crecolo43.nature43.fr\/index.php\/inclusion-ou-integration\/#primaryimage"},"image":{"@id":"https:\/\/crecolo43.nature43.fr\/index.php\/inclusion-ou-integration\/#primaryimage"},"thumbnailUrl":"https:\/\/crecolo43.nature43.fr\/wp-content\/uploads\/2024\/09\/egalite.jpg","datePublished":"2024-09-20T12:00:53+00:00","dateModified":"2024-09-20T12:13:55+00:00","description":"Page de r\u00e9flexion au sujet de l'inclusion et de l'int\u00e9gration. L'accessibilit\u00e9 universelle permet l'inclusion de tous.","breadcrumb":{"@id":"https:\/\/crecolo43.nature43.fr\/index.php\/inclusion-ou-integration\/#breadcrumb"},"inLanguage":"en-US","potentialAction":[{"@type":"ReadAction","target":["https:\/\/crecolo43.nature43.fr\/index.php\/inclusion-ou-integration\/"]}]},{"@type":"ImageObject","inLanguage":"en-US","@id":"https:\/\/crecolo43.nature43.fr\/index.php\/inclusion-ou-integration\/#primaryimage","url":"https:\/\/crecolo43.nature43.fr\/wp-content\/uploads\/2024\/09\/egalite.jpg","contentUrl":"https:\/\/crecolo43.nature43.fr\/wp-content\/uploads\/2024\/09\/egalite.jpg","width":672,"height":468},{"@type":"BreadcrumbList","@id":"https:\/\/crecolo43.nature43.fr\/index.php\/inclusion-ou-integration\/#breadcrumb","itemListElement":[{"@type":"ListItem","position":1,"name":"Home","item":"https:\/\/crecolo43.nature43.fr\/"},{"@type":"ListItem","position":2,"name":"Inclusion ou int\u00e9gration ?"}]},{"@type":"WebSite","@id":"https:\/\/crecolo43.nature43.fr\/#website","url":"https:\/\/crecolo43.nature43.fr\/","name":"Crecolo 43","description":"","publisher":{"@id":"https:\/\/crecolo43.nature43.fr\/#organization"},"potentialAction":[{"@type":"SearchAction","target":{"@type":"EntryPoint","urlTemplate":"https:\/\/crecolo43.nature43.fr\/?s={search_term_string}"},"query-input":{"@type":"PropertyValueSpecification","valueRequired":true,"valueName":"search_term_string"}}],"inLanguage":"en-US"},{"@type":"Organization","@id":"https:\/\/crecolo43.nature43.fr\/#organization","name":"Crecolo 43","url":"https:\/\/crecolo43.nature43.fr\/","logo":{"@type":"ImageObject","inLanguage":"en-US","@id":"https:\/\/crecolo43.nature43.fr\/#\/schema\/logo\/image\/","url":"https:\/\/crecolo43.nature43.fr\/wp-content\/uploads\/2024\/09\/image.png","contentUrl":"https:\/\/crecolo43.nature43.fr\/wp-content\/uploads\/2024\/09\/image.png","width":511,"height":383,"caption":"Crecolo 43"},"image":{"@id":"https:\/\/crecolo43.nature43.fr\/#\/schema\/logo\/image\/"}}]}},"_links":{"self":[{"href":"https:\/\/crecolo43.nature43.fr\/index.php\/wp-json\/wp\/v2\/pages\/27","targetHints":{"allow":["GET"]}}],"collection":[{"href":"https:\/\/crecolo43.nature43.fr\/index.php\/wp-json\/wp\/v2\/pages"}],"about":[{"href":"https:\/\/crecolo43.nature43.fr\/index.php\/wp-json\/wp\/v2\/types\/page"}],"author":[{"embeddable":true,"href":"https:\/\/crecolo43.nature43.fr\/index.php\/wp-json\/wp\/v2\/users\/1"}],"replies":[{"embeddable":true,"href":"https:\/\/crecolo43.nature43.fr\/index.php\/wp-json\/wp\/v2\/comments?post=27"}],"version-history":[{"count":6,"href":"https:\/\/crecolo43.nature43.fr\/index.php\/wp-json\/wp\/v2\/pages\/27\/revisions"}],"predecessor-version":[{"id":38,"href":"https:\/\/crecolo43.nature43.fr\/index.php\/wp-json\/wp\/v2\/pages\/27\/revisions\/38"}],"wp:attachment":[{"href":"https:\/\/crecolo43.nature43.fr\/index.php\/wp-json\/wp\/v2\/media?parent=27"}],"curies":[{"name":"wp","href":"https:\/\/api.w.org\/{rel}","templated":true}]}}